{"id":23,"date":"2025-03-19T20:31:39","date_gmt":"2025-03-19T19:31:39","guid":{"rendered":"http:\/\/localhost\/merszi\/wordpress\/?page_id=23"},"modified":"2025-03-31T22:00:41","modified_gmt":"2025-03-31T20:00:41","slug":"rolunk","status":"publish","type":"page","link":"https:\/\/merszi.softio.biz\/index.php\/rolunk\/","title":{"rendered":"R\u00f3lunk"},"content":{"rendered":"\n<p class=\"has-text-align-left has-medium-font-size\">A <strong>MErSzi Oktat\u00e1si \u00e9s Fejleszt\u0151 St\u00fadi\u00f3<\/strong> egy csal\u00e1di v\u00e1llalkoz\u00e1s. K\u00e9t testv\u00e9r- <strong>Darid\u00e1n\u00e9 Papp Erika \u00e9s Papp Szilvia<\/strong> k\u00f6z\u00f6s tenniakar\u00e1s\u00e1nak eredm\u00e9nye. Erika a munk\u00e1ja sor\u00e1n, Szilvia pedig a gyermeke kapcs\u00e1n k\u00f6zvetlen\u00fcl \u00e9rintett a tanul\u00e1si nehez\u00edtetts\u00e9gben, \u00e9s amint megtal\u00e1lt\u00e1k a legjobb, legc\u00e9lravezet\u0151bb m\u00f3dszert a &#8211; NEUROFEEDBACK m\u00f3dszert-, eld\u00f6nt\u00f6tt\u00e9k, hogy m\u00e1soknak is seg\u00edtenek.<\/p>\n\n\n\n<p class=\"has-text-align-left has-medium-font-size\"><strong>Erika \u00e9s Szilvia k\u00e9pes\u00edtett neurofeedback tr\u00e9nerek.<\/strong><\/p>\n\n\n\n<p class=\"has-medium-font-size\">Mi is az a <strong>Neurofeedback<\/strong>?<\/p>\n\n\n<div class=\"wp-block-image\">\n<figure class=\"alignleft size-full\"><img loading=\"lazy\" decoding=\"async\" width=\"640\" height=\"450\" src=\"\/wp-content\/uploads\/2025\/03\/Trening.jpg\" alt=\"\" class=\"wp-image-91\"\/><figcaption class=\"wp-element-caption\">A&nbsp;<strong>neurofeedback ter\u00e1pia<\/strong>&nbsp;nem j\u00e1r semmif\u00e9le f\u00e1jdalommal, azaz non-invaz\u00edv elj\u00e1r\u00e1snak min\u0151s\u00fcl.<\/figcaption><\/figure><\/div>\n\n\n<p class=\"has-medium-font-size\">A&nbsp;neurofeedback, m\u00e1s n\u00e9ven EEG-biofeedback egy olyan <strong>m\u00f3dszer,<\/strong> amely a legmodernebb technik\u00e1knak k\u00f6sz\u00f6nhet\u0151en az agy m\u0171k\u00f6d\u00e9s\u00e9nek szab\u00e1lyoz\u00e1s\u00e1n kereszt\u00fcl fejti ki tart\u00f3s hat\u00e1s\u00e1t. A probl\u00e9m\u00e1s <strong>agym\u0171k\u00f6d\u00e9st c\u00e9lir\u00e1nyosan f\u00e1jdalom- \u00e9s gy\u00f3gyszermentesen, tart\u00f3s eredm\u00e9nnyel jav\u00edtja.<\/strong><\/p>\n\n\n\n<p class=\"has-medium-font-size\">Az&nbsp;<strong>agym\u0171k\u00f6d\u00e9s optimaliz\u00e1l\u00e1sa, t\u00f6k\u00e9letes\u00edt\u00e9se<\/strong>&nbsp;az agyhull\u00e1mok monitoroz\u00e1s\u00e1n \u00e9s azok kognit\u00edv befoly\u00e1sol\u00e1s\u00e1n alapszik.&nbsp;<\/p>\n\n\n\n<p><\/p>\n\n\n\n<p class=\"has-medium-font-size\">Az EEG-biofeedback (neurofeedback) egy olyan t\u00fck\u00f6r, amelynek seg\u00edts\u00e9g\u00e9vel l\u00e1that\u00f3v\u00e1 v\u00e1lik az agy elektromos m\u0171k\u00f6d\u00e9se. <\/p>\n\n\n\n<p><\/p>\n\n\n\n<p><\/p>\n\n\n\n<p class=\"has-text-align-left has-medium-font-size\">A&nbsp;<strong>neurofeedback ter\u00e1pia<\/strong>&nbsp;nem j\u00e1r semmif\u00e9le f\u00e1jdalommal, azaz non-invaz\u00edv elj\u00e1r\u00e1snak min\u0151s\u00fcl.<\/p>\n\n\n\n<p class=\"has-medium-font-size\"><strong>Miben seg\u00edthet ez az elj\u00e1r\u00e1s?<\/strong><\/p>\n\n\n\n<p class=\"has-medium-font-size\">Az EEG-biofeedback (neurofeedback)&nbsp;elj\u00e1r\u00e1st haz\u00e1nkban k\u00f6zel 10 \u00e9ve haszn\u00e1lj\u00e1k eredm\u00e9nyesen a k\u00f6vetkez\u0151 probl\u00e9m\u00e1k kieg\u00e9sz\u00edt\u0151 kezel\u00e9s\u00e9re:&nbsp;<\/p>\n\n\n\n<ul class=\"wp-block-list\">\n<li class=\"has-large-font-size\"><strong>ADHD, figyelemzavar,&nbsp;&nbsp;<\/strong><\/li>\n\n\n\n<li class=\"has-large-font-size\"><strong>tanul\u00e1si zavarok (diszlexia, diszkalkulia, diszgr\u00e1fia),<\/strong><\/li>\n\n\n\n<li class=\"has-large-font-size\"><strong>szorong\u00e1s, stressz, alv\u00e1szavar, mem\u00f3riafejleszt\u00e9s.<\/strong><\/li>\n<\/ul>\n\n\n\n<p class=\"has-text-align-left has-medium-font-size\"><strong>Fontos h<\/strong>angs\u00falyozni, hogy a neurofeedback <strong>tr\u00e9ning kieg\u00e9sz\u00edt\u0151 ter\u00e1pi\u00e1nak<\/strong> sz\u00e1m\u00edt, \u00e9s nem helyettes\u00edti a pszichoter\u00e1pi\u00e1t, a pszichol\u00f3giai konzult\u00e1ci\u00f3t, vagy az orvosi beavatkoz\u00e1sokat.<\/p>\n<\/blockquote>\n<!-- \/wp:quote -->\n\n<!-- wp:paragraph {\"fontSize\":\"medium\"} -->\n<p class=\"has-medium-font-size\"><\/p>\n<!-- \/wp:paragraph -->\n\n<!-- wp:image {\"id\":107,\"width\":\"221px\",\"height\":\"auto\",\"sizeSlug\":\"full\",\"linkDestination\":\"none\",\"align\":\"left\"} -->\n<figure class=\"wp-block-image alignleft size-full is-resized\"><img loading=\"lazy\" decoding=\"async\" width=\"3024\" height=\"4032\" src=\"\/wp-content\/uploads\/2025\/03\/IMG_0033-1.jpeg\" alt=\"\" class=\"wp-image-107\" style=\"width:221px;height:auto\"\/><\/figure>\n<!-- \/wp:image --><\/blockquote>\n<!-- \/wp:quote -->\n\n<!-- wp:paragraph {\"fontSize\":\"medium\"} -->\n<p class=\"has-medium-font-size\"><strong>Darid\u00e1n\u00e9 Papp Erika<\/strong><\/p>\n<!-- \/wp:paragraph -->\n\n<!-- wp:paragraph {\"fontSize\":\"medium\"} -->\n<p class=\"has-medium-font-size\"><strong>Magyar- t\u00f6rt\u00e9nelem szakos tan\u00e1r, Magyar Analitikus Neurofeedback \u00e9s Biofeedback T\u00e1rsas\u00e1g<\/strong> <strong>Tagja<\/strong><\/p>\n<!-- \/wp:paragraph -->\n\n<!-- wp:paragraph {\"fontSize\":\"medium\"} -->\n<p class=\"has-medium-font-size\"><strong>Neurofeedback tr\u00e9ner<\/strong><\/p>\n<!-- \/wp:paragraph -->\n\n<!-- wp:paragraph {\"fontSize\":\"medium\"} -->\n<p class=\"has-medium-font-size\"><\/p>\n<!-- \/wp:paragraph -->\n\n<!-- wp:image {\"id\":110,\"sizeSlug\":\"full\",\"linkDestination\":\"none\",\"align\":\"right\"} -->\n<figure class=\"wp-block-image alignright size-full\"><img loading=\"lazy\" decoding=\"async\" width=\"280\" height=\"373\" src=\"\/wp-content\/uploads\/2025\/03\/szilvi-3.jpg\" alt=\"\" class=\"wp-image-110\"\/><\/figure>\n<!-- \/wp:image -->\n\n<!-- wp:paragraph -->\n<p><\/p>\n<!-- \/wp:paragraph -->\n\n<!-- wp:paragraph {\"align\":\"right\",\"fontSize\":\"medium\"} -->\n<p class=\"has-text-align-right has-medium-font-size\"><strong>Papp Szilvia<\/strong><\/p>\n<!-- \/wp:paragraph -->\n\n<!-- wp:paragraph {\"align\":\"right\",\"fontSize\":\"medium\"} -->\n<p class=\"has-text-align-right has-medium-font-size\">M<strong>agyar Analitikus Neurofeedback \u00e9s Biofeedback T\u00e1rsas\u00e1g<\/strong> <strong>Tagja <\/strong><\/p>\n<!-- \/wp:paragraph -->\n\n<!-- wp:paragraph {\"align\":\"right\",\"fontSize\":\"medium\"} -->\n<p class=\"has-text-align-right has-medium-font-size\"><strong>Neurofeedback tr\u00e9ner<\/strong><\/p>\n<!-- \/wp:paragraph -->","protected":false},"excerpt":{"rendered":"<p>A MErSzi Oktat\u00e1si \u00e9s Fejleszt\u0151 St\u00fadi\u00f3 egy csal\u00e1di v\u00e1llalkoz\u00e1s. K\u00e9t testv\u00e9r- Darid\u00e1n\u00e9 Papp Erika \u00e9s Papp Szilvia k\u00f6z\u00f6s tenniakar\u00e1s\u00e1nak eredm\u00e9nye. Erika a munk\u00e1ja sor\u00e1n, Szilvia pedig a gyermeke kapcs\u00e1n k\u00f6zvetlen\u00fcl \u00e9rintett a tanul\u00e1si nehez\u00edtetts\u00e9gben, \u00e9s amint megtal\u00e1lt\u00e1k a legjobb, legc\u00e9lravezet\u0151bb m\u00f3dszert a &#8211; NEUROFEEDBACK m\u00f3dszert-, eld\u00f6nt\u00f6tt\u00e9k, hogy m\u00e1soknak is seg\u00edtenek. Erika \u00e9s Szilvia k\u00e9pes\u00edtett neurofeedback&#8230;<\/p>\n","protected":false},"author":1,"featured_media":0,"parent":0,"menu_order":0,"comment_status":"closed","ping_status":"closed","template":"","meta":{"_kadence_starter_templates_imported_post":false,"_kad_post_transparent":"","_kad_post_title":"","_kad_post_layout":"","_kad_post_sidebar_id":"","_kad_post_content_style":"","_kad_post_vertical_padding":"","_kad_post_feature":"","_kad_post_feature_position":"","_kad_post_header":false,"_kad_post_footer":false,"footnotes":""},"class_list":["post-23","page","type-page","status-publish","hentry"],"jetpack_sharing_enabled":true,"_links":{"self":[{"href":"https:\/\/merszi.softio.biz\/index.php\/wp-json\/wp\/v2\/pages\/23","targetHints":{"allow":["GET"]}}],"collection":[{"href":"https:\/\/merszi.softio.biz\/index.php\/wp-json\/wp\/v2\/pages"}],"about":[{"href":"https:\/\/merszi.softio.biz\/index.php\/wp-json\/wp\/v2\/types\/page"}],"author":[{"embeddable":true,"href":"https:\/\/merszi.softio.biz\/index.php\/wp-json\/wp\/v2\/users\/1"}],"replies":[{"embeddable":true,"href":"https:\/\/merszi.softio.biz\/index.php\/wp-json\/wp\/v2\/comments?post=23"}],"version-history":[{"count":16,"href":"https:\/\/merszi.softio.biz\/index.php\/wp-json\/wp\/v2\/pages\/23\/revisions"}],"predecessor-version":[{"id":152,"href":"https:\/\/merszi.softio.biz\/index.php\/wp-json\/wp\/v2\/pages\/23\/revisions\/152"}],"wp:attachment":[{"href":"https:\/\/merszi.softio.biz\/index.php\/wp-json\/wp\/v2\/media?parent=23"}],"curies":[{"name":"wp","href":"https:\/\/api.w.org\/{rel}","templated":true}]}}